{"id":215,"date":"2022-12-08T15:06:50","date_gmt":"2022-12-08T20:06:50","guid":{"rendered":"https:\/\/fondationphilippelaprise.com\/publication\/?page_id=215"},"modified":"2022-12-15T20:14:56","modified_gmt":"2022-12-16T01:14:56","slug":"leves-de-fonds","status":"publish","type":"page","link":"https:\/\/fondationphilippelaprise.com\/publication\/leves-de-fonds\/","title":{"rendered":"Lev\u00e9s de fonds"},"content":{"rendered":"<p><div class=\"fusion-fullwidth fullwidth-box fusion-builder-row-1 fusion-flex-container nonhundred-percent-fullwidth non-hundred-percent-height-scrolling fusion-no-small-visibility\" style=\"background-color: #f2f2f2;background-position: center center;background-repeat: no-repeat;border-width: 0px 0px 0px 0px;border-color:#e2e2e2;border-style:solid;\" ><div class=\"fusion-builder-row fusion-row fusion-flex-align-items-center\" style=\"max-width:1248px;margin-left: calc(-4% \/ 2 );margin-right: calc(-4% \/ 2 );\"><div class=\"fusion-layout-column fusion_builder_column fusion-builder-column-0 fusion_builder_column_1_2 1_2 fusion-flex-column\"><div class=\"fusion-column-wrapper fusion-flex-justify-content-flex-start fusion-content-layout-column\" style=\"background-position:left top;background-repeat:no-repeat;-webkit-background-size:cover;-moz-background-size:cover;-o-background-size:cover;background-size:cover;padding: 0px 0px 0px 0px;\"><div class=\"fusion-text fusion-text-1\"><h1 style=\"color: #1c1d4d; margin-bottom: 8px;\">LEV\u00c9ES DE FONDS<\/h1>\n<p style=\"color: #1c1d4d; margin-bottom: 0px; font-size: 18px;\">\u00c7a bouge \u00e0 la Fondation<\/p>\n<\/div><\/div><style type=\"text\/css\">.fusion-body .fusion-builder-column-0{width:50% !important;margin-top : 0px;margin-bottom : 0px;}.fusion-builder-column-0 > .fusion-column-wrapper {padding-top : 0px !important;padding-right : 0px !important;margin-right : 3.84%;padding-bottom : 0px !important;padding-left : 0px !important;margin-left : 3.84%;}@media only screen and (max-width:1024px) {.fusion-body .fusion-builder-column-0{width:50% !important;order : 0;}.fusion-builder-column-0 > .fusion-column-wrapper {margin-right : 3.84%;margin-left : 3.84%;}}@media only screen and (max-width:640px) {.fusion-body .fusion-builder-column-0{width:100% !important;order : 0;}.fusion-builder-column-0 > .fusion-column-wrapper {margin-right : 1.92%;margin-left : 1.92%;}}<\/style><\/div><div class=\"fusion-layout-column fusion_builder_column fusion-builder-column-1 fusion_builder_column_1_2 1_2 fusion-flex-column\"><div class=\"fusion-column-wrapper fusion-flex-justify-content-flex-start fusion-content-layout-column\" style=\"background-position:left top;background-repeat:no-repeat;-webkit-background-size:cover;-moz-background-size:cover;-o-background-size:cover;background-size:cover;padding: 0px 0px 0px 0px;\"><div style=\"text-align:right;\"><span class=\" fusion-imageframe imageframe-none imageframe-1 hover-type-none\" style=\"width:100%;max-width:555px;\"><img decoding=\"async\" width=\"900\" height=\"750\" title=\"titlebar-img-blog-v2\" src=\"http:\/\/concoura.ca\/publication\/wp-content\/uploads\/2022\/12\/titlebar-img-blog-v2.png\" class=\"img-responsive wp-image-191\" srcset=\"https:\/\/fondationphilippelaprise.com\/publication\/wp-content\/uploads\/2022\/12\/titlebar-img-blog-v2-200x167.png 200w, https:\/\/fondationphilippelaprise.com\/publication\/wp-content\/uploads\/2022\/12\/titlebar-img-blog-v2-400x333.png 400w, https:\/\/fondationphilippelaprise.com\/publication\/wp-content\/uploads\/2022\/12\/titlebar-img-blog-v2-600x500.png 600w, https:\/\/fondationphilippelaprise.com\/publication\/wp-content\/uploads\/2022\/12\/titlebar-img-blog-v2-800x667.png 800w, https:\/\/fondationphilippelaprise.com\/publication\/wp-content\/uploads\/2022\/12\/titlebar-img-blog-v2.png 900w\" sizes=\"(max-width: 640px) 100vw, 600px\" \/><\/span><\/div><\/div><style type=\"text\/css\">.fusion-body .fusion-builder-column-1{width:50% !important;margin-top : 0px;margin-bottom : 0px;}.fusion-builder-column-1 > .fusion-column-wrapper {padding-top : 0px !important;padding-right : 0px !important;margin-right : 3.84%;padding-bottom : 0px !important;padding-left : 0px !important;margin-left : 3.84%;}@media only screen and (max-width:1024px) {.fusion-body .fusion-builder-column-1{width:50% !important;order : 0;}.fusion-builder-column-1 > .fusion-column-wrapper {margin-right : 3.84%;margin-left : 3.84%;}}@media only screen and (max-width:640px) {.fusion-body .fusion-builder-column-1{width:100% !important;order : 0;}.fusion-builder-column-1 > .fusion-column-wrapper {margin-right : 1.92%;margin-left : 1.92%;}}<\/style><\/div><\/div><style type=\"text\/css\">.fusion-body .fusion-flex-container.fusion-builder-row-1{ padding-top : 0px;margin-top : 0px;padding-right : 0px;padding-bottom : 0px;margin-bottom : 0px;padding-left : 0px;}<\/style><\/div><div class=\"fusion-fullwidth fullwidth-box fusion-builder-row-2 fusion-flex-container nonhundred-percent-fullwidth non-hundred-percent-height-scrolling fusion-no-medium-visibility fusion-no-large-visibility\" style=\"background-color: #f2f2f2;background-position: center center;background-repeat: no-repeat;border-width: 0px 0px 0px 0px;border-color:#e2e2e2;border-style:solid;\" ><div class=\"fusion-builder-row fusion-row fusion-flex-align-items-center\" style=\"max-width:1248px;margin-left: calc(-4% \/ 2 );margin-right: calc(-4% \/ 2 );\"><div class=\"fusion-layout-column fusion_builder_column fusion-builder-column-2 fusion_builder_column_1_1 1_1 fusion-flex-column\"><div class=\"fusion-column-wrapper fusion-flex-justify-content-flex-start fusion-content-layout-column\" style=\"background-position:left top;background-repeat:no-repeat;-webkit-background-size:cover;-moz-background-size:cover;-o-background-size:cover;background-size:cover;padding: 40px 0px 0px 0px;\"><div class=\"fusion-text fusion-text-2\"><h1 style=\"color: #1c1d4d; margin-bottom: 8px; text-align: center; font-size: 24px !important;\">LEV\u00c9ES DE FONDS<\/h1>\n<p style=\"color: #1c1d4d; margin-bottom: 0px; font-size: 16px; text-align: center;\">\u00c7a bouge \u00e0 la Fondation<\/p>\n<\/div><\/div><style type=\"text\/css\">.fusion-body .fusion-builder-column-2{width:100% !important;margin-top : 0px;margin-bottom : 0px;}.fusion-builder-column-2 > .fusion-column-wrapper {padding-top : 40px !important;padding-right : 0px !important;margin-right : 1.92%;padding-bottom : 0px !important;padding-left : 0px !important;margin-left : 1.92%;}@media only screen and (max-width:1024px) {.fusion-body .fusion-builder-column-2{width:100% !important;order : 0;}.fusion-builder-column-2 > .fusion-column-wrapper {margin-right : 1.92%;margin-left : 1.92%;}}@media only screen and (max-width:640px) {.fusion-body .fusion-builder-column-2{width:100% !important;order : 0;}.fusion-builder-column-2 > .fusion-column-wrapper {margin-right : 1.92%;margin-left : 1.92%;}}<\/style><\/div><div class=\"fusion-layout-column fusion_builder_column fusion-builder-column-3 fusion_builder_column_1_1 1_1 fusion-flex-column\"><div class=\"fusion-column-wrapper fusion-flex-justify-content-flex-start fusion-content-layout-column\" style=\"background-position:left top;background-repeat:no-repeat;-webkit-background-size:cover;-moz-background-size:cover;-o-background-size:cover;background-size:cover;padding: 0px 0px 0px 0px;\"><div style=\"text-align:right;\"><span class=\" fusion-imageframe imageframe-none imageframe-2 hover-type-none\" style=\"width:100%;max-width:555px;\"><img decoding=\"async\" width=\"900\" height=\"750\" title=\"titlebar-img-blog-v2\" src=\"http:\/\/concoura.ca\/publication\/wp-content\/uploads\/2022\/12\/titlebar-img-blog-v2.png\" class=\"img-responsive wp-image-191\" srcset=\"https:\/\/fondationphilippelaprise.com\/publication\/wp-content\/uploads\/2022\/12\/titlebar-img-blog-v2-200x167.png 200w, https:\/\/fondationphilippelaprise.com\/publication\/wp-content\/uploads\/2022\/12\/titlebar-img-blog-v2-400x333.png 400w, https:\/\/fondationphilippelaprise.com\/publication\/wp-content\/uploads\/2022\/12\/titlebar-img-blog-v2-600x500.png 600w, https:\/\/fondationphilippelaprise.com\/publication\/wp-content\/uploads\/2022\/12\/titlebar-img-blog-v2-800x667.png 800w, https:\/\/fondationphilippelaprise.com\/publication\/wp-content\/uploads\/2022\/12\/titlebar-img-blog-v2.png 900w\" sizes=\"(max-width: 640px) 100vw, 900px\" \/><\/span><\/div><\/div><style type=\"text\/css\">.fusion-body .fusion-builder-column-3{width:100% !important;margin-top : 0px;margin-bottom : 0px;}.fusion-builder-column-3 > .fusion-column-wrapper {padding-top : 0px !important;padding-right : 0px !important;margin-right : 1.92%;padding-bottom : 0px !important;padding-left : 0px !important;margin-left : 1.92%;}@media only screen and (max-width:1024px) {.fusion-body .fusion-builder-column-3{width:100% !important;order : 0;}.fusion-builder-column-3 > .fusion-column-wrapper {margin-right : 1.92%;margin-left : 1.92%;}}@media only screen and (max-width:640px) {.fusion-body .fusion-builder-column-3{width:100% !important;order : 0;}.fusion-builder-column-3 > .fusion-column-wrapper {margin-right : 1.92%;margin-left : 1.92%;}}<\/style><\/div><\/div><style type=\"text\/css\">.fusion-body .fusion-flex-container.fusion-builder-row-2{ padding-top : 0px;margin-top : 0px;padding-right : 0px;padding-bottom : 0px;margin-bottom : 0px;padding-left : 0px;}<\/style><\/div><div class=\"fusion-fullwidth fullwidth-box fusion-builder-row-3 fusion-flex-container nonhundred-percent-fullwidth non-hundred-percent-height-scrolling fusion-no-small-visibility fusion-no-medium-visibility\" style=\"background-color: rgba(255,255,255,0);background-position: center center;background-repeat: no-repeat;border-width: 0px 0px 0px 0px;border-color:#e2e2e2;border-style:solid;\" ><div class=\"fusion-builder-row fusion-row fusion-flex-align-items-flex-start\" style=\"max-width:1248px;margin-left: calc(-4% \/ 2 );margin-right: calc(-4% \/ 2 );\"><div class=\"fusion-layout-column fusion_builder_column fusion-builder-column-4 fusion_builder_column_1_1 1_1 fusion-flex-column\"><div class=\"fusion-column-wrapper fusion-flex-justify-content-flex-start fusion-content-layout-column\" style=\"background-position:left top;background-repeat:no-repeat;-webkit-background-size:cover;-moz-background-size:cover;-o-background-size:cover;background-size:cover;padding: 0px 0px 0px 0px;\"><div class=\"fusion-blog-shortcode fusion-blog-shortcode-1 fusion-blog-archive fusion-blog-layout-grid-wrapper fusion-blog-pagination\"><style type=\"text\/css\">.fusion-blog-shortcode-1 .fusion-blog-layout-grid .fusion-post-grid{padding:20px;}.fusion-blog-shortcode-1 .fusion-posts-container{margin-left: -20px !important; margin-right:-20px !important;}<\/style><div class=\"fusion-posts-container fusion-posts-container-pagination fusion-no-meta-info fusion-blog-rollover fusion-blog-layout-grid fusion-blog-layout-grid-3 isotope\" data-pages=\"2\" data-grid-col-space=\"40\" style=\"margin: -20px -20px 0;min-height:500px;\"><article id=\"blog-1-post-436\" class=\"fusion-post-grid post-436 post type-post status-publish format-standard has-post-thumbnail hentry category-levees-de-fonds\">\n<div class=\"fusion-post-wrapper\" style=\"background-color:rgba(255,255,255,0);border:1px solid #f2f3f5;border-bottom-width:3px;\">\r\n\r\n\t\t\t<div class=\"fusion-flexslider flexslider fusion-flexslider-loading fusion-post-slideshow\" style=\"border-color:#f2f3f5;\">\r\n\t\t<ul class=\"slides\">\r\n\t\t\t\r\n\t\t\t\t\t\t\t\t\t\t\t\t\t\t<li>\n\n<div  class=\"fusion-image-wrapper\" aria-haspopup=\"true\">\n\t\n\t\n\t\n\t\t\n\t\t\t\t\t<img decoding=\"async\" width=\"1200\" height=\"676\" src=\"https:\/\/fondationphilippelaprise.com\/publication\/wp-content\/uploads\/2025\/10\/Fallait-etre-TDAH-web_banners-COMPLET.jpg\" class=\"attachment-full size-full wp-post-image\" alt=\"\" srcset=\"https:\/\/fondationphilippelaprise.com\/publication\/wp-content\/uploads\/2025\/10\/Fallait-etre-TDAH-web_banners-COMPLET-200x113.jpg 200w, https:\/\/fondationphilippelaprise.com\/publication\/wp-content\/uploads\/2025\/10\/Fallait-etre-TDAH-web_banners-COMPLET-400x225.jpg 400w, https:\/\/fondationphilippelaprise.com\/publication\/wp-content\/uploads\/2025\/10\/Fallait-etre-TDAH-web_banners-COMPLET-600x338.jpg 600w, https:\/\/fondationphilippelaprise.com\/publication\/wp-content\/uploads\/2025\/10\/Fallait-etre-TDAH-web_banners-COMPLET-800x451.jpg 800w, https:\/\/fondationphilippelaprise.com\/publication\/wp-content\/uploads\/2025\/10\/Fallait-etre-TDAH-web_banners-COMPLET.jpg 1200w\" sizes=\"(min-width: 2200px) 100vw, (min-width: 784px) 373px, (min-width: 712px) 560px, (min-width: 640px) 712px, \" \/>\n\t\n\n\t\t<div class=\"fusion-rollover\">\n\t<div class=\"fusion-rollover-content\">\n\n\t\t\t\t\t\t\t\t\t\t\t\t\t\t<a class=\"fusion-rollover-link\" href=\"https:\/\/fondationphilippelaprise.com\/publication\/un-marathon-dhumour-inedit-a-montreal-pour-soutenir-le-tdah-au-feminin-3\/\">Un marathon d&rsquo;humour in\u00e9dit \u00e0 Montr\u00e9al pour soutenir le TDAH au f\u00e9minin<\/a>\n\t\t\t\n\t\t\t\t\t\t\t\t\n\t\t\n\t\t\t\t\t\t\t\t\n\t\t\t\t\t\t\t\t\n\t\t\n\t\t\t\t\t\t<a class=\"fusion-link-wrapper\" href=\"https:\/\/fondationphilippelaprise.com\/publication\/un-marathon-dhumour-inedit-a-montreal-pour-soutenir-le-tdah-au-feminin-3\/\" aria-label=\"Un marathon d&rsquo;humour in\u00e9dit \u00e0 Montr\u00e9al pour soutenir le TDAH au f\u00e9minin\"><\/a>\n\t<\/div>\n<\/div>\n\n\t\n<\/div>\n<\/li>\r\n\t\t\t\r\n\t\t\t\r\n\t\t\t\t\t\t\t\t\t\t\t\t\t\t\t\t\t\t\t\t\t\t\t\t\t\t\t\t\t\t\t\t\t\t\t\t\t\t\t\t\t\t\t\t\t\t\t\t\t\t\t\t\t\t\t\t\t\t\t\t\t\t\t\t\t\t\t\t<\/ul>\r\n\t<\/div>\r\n\t<div class=\"fusion-post-content-wrapper\" style=\"padding:30px 25px 25px 25px;\"><div class=\"fusion-post-content post-content\"><h2 class=\"blog-shortcode-post-title entry-title\"><a href=\"https:\/\/fondationphilippelaprise.com\/publication\/un-marathon-dhumour-inedit-a-montreal-pour-soutenir-le-tdah-au-feminin-3\/\">Un marathon d&rsquo;humour in\u00e9dit \u00e0 Montr\u00e9al pour soutenir le TDAH au f\u00e9minin<\/a><\/h2><div class=\"fusion-post-content-container\"><p>\u00c9dition sp\u00e9ciale du spectacle Fallait \u00eatre l\u00e0 Marathon Compl\u00e8tement TDAH [...]<\/p><\/div><\/div><\/div><div class=\"fusion-clearfix\"><\/div><\/div>\n<\/article>\n<article id=\"blog-1-post-392\" class=\"fusion-post-grid post-392 post type-post status-publish format-standard has-post-thumbnail hentry category-levees-de-fonds\">\n<div class=\"fusion-post-wrapper\" style=\"background-color:rgba(255,255,255,0);border:1px solid #f2f3f5;border-bottom-width:3px;\">\r\n\r\n\t\t\t<div class=\"fusion-flexslider flexslider fusion-flexslider-loading fusion-post-slideshow\" style=\"border-color:#f2f3f5;\">\r\n\t\t<ul class=\"slides\">\r\n\t\t\t\r\n\t\t\t\t\t\t\t\t\t\t\t\t\t\t<li>\n\n<div  class=\"fusion-image-wrapper\" aria-haspopup=\"true\">\n\t\n\t\n\t\n\t\t\n\t\t\t\t\t<img decoding=\"async\" width=\"1943\" height=\"1279\" src=\"https:\/\/fondationphilippelaprise.com\/publication\/wp-content\/uploads\/2025\/07\/Site-Internet.png\" class=\"attachment-full size-full wp-post-image\" alt=\"\" srcset=\"https:\/\/fondationphilippelaprise.com\/publication\/wp-content\/uploads\/2025\/07\/Site-Internet-200x132.png 200w, https:\/\/fondationphilippelaprise.com\/publication\/wp-content\/uploads\/2025\/07\/Site-Internet-400x263.png 400w, https:\/\/fondationphilippelaprise.com\/publication\/wp-content\/uploads\/2025\/07\/Site-Internet-600x395.png 600w, https:\/\/fondationphilippelaprise.com\/publication\/wp-content\/uploads\/2025\/07\/Site-Internet-800x527.png 800w, https:\/\/fondationphilippelaprise.com\/publication\/wp-content\/uploads\/2025\/07\/Site-Internet-1200x790.png 1200w, https:\/\/fondationphilippelaprise.com\/publication\/wp-content\/uploads\/2025\/07\/Site-Internet.png 1943w\" sizes=\"(min-width: 2200px) 100vw, (min-width: 784px) 373px, (min-width: 712px) 560px, (min-width: 640px) 712px, \" \/>\n\t\n\n\t\t<div class=\"fusion-rollover\">\n\t<div class=\"fusion-rollover-content\">\n\n\t\t\t\t\t\t\t\t\t\t\t\t\t\t<a class=\"fusion-rollover-link\" href=\"https:\/\/fondationphilippelaprise.com\/publication\/philippe-laprise-animera-le-focus-show-presente-par-le-groupe-castech-plessitech-2\/\">Philippe Laprise animera Le Focus Show pr\u00e9sent\u00e9 par le Groupe Castech\/Plessitech<\/a>\n\t\t\t\n\t\t\t\t\t\t\t\t\n\t\t\n\t\t\t\t\t\t\t\t\n\t\t\t\t\t\t\t\t\n\t\t\n\t\t\t\t\t\t<a class=\"fusion-link-wrapper\" href=\"https:\/\/fondationphilippelaprise.com\/publication\/philippe-laprise-animera-le-focus-show-presente-par-le-groupe-castech-plessitech-2\/\" aria-label=\"Philippe Laprise animera Le Focus Show pr\u00e9sent\u00e9 par le Groupe Castech\/Plessitech\"><\/a>\n\t<\/div>\n<\/div>\n\n\t\n<\/div>\n<\/li>\r\n\t\t\t\r\n\t\t\t\r\n\t\t\t\t\t\t\t\t\t\t\t\t\t\t\t\t\t\t\t\t\t\t\t\t\t\t\t\t\t\t\t\t\t\t\t\t\t\t\t\t\t\t\t\t\t\t\t\t\t\t\t\t\t\t\t\t\t\t\t\t\t\t\t\t\t\t\t\t<\/ul>\r\n\t<\/div>\r\n\t<div class=\"fusion-post-content-wrapper\" style=\"padding:30px 25px 25px 25px;\"><div class=\"fusion-post-content post-content\"><h2 class=\"blog-shortcode-post-title entry-title\"><a href=\"https:\/\/fondationphilippelaprise.com\/publication\/philippe-laprise-animera-le-focus-show-presente-par-le-groupe-castech-plessitech-2\/\">Philippe Laprise animera Le Focus Show pr\u00e9sent\u00e9 par le Groupe Castech\/Plessitech<\/a><\/h2><div class=\"fusion-post-content-container\"><p>Le vendredi 3 octobre 2025 \u00e0 20 h, l\u2019auditorium de [...]<\/p><\/div><\/div><\/div><div class=\"fusion-clearfix\"><\/div><\/div>\n<\/article>\n<article id=\"blog-1-post-372\" class=\"fusion-post-grid post-372 post type-post status-publish format-standard has-post-thumbnail hentry category-levees-de-fonds\">\n<div class=\"fusion-post-wrapper\" style=\"background-color:rgba(255,255,255,0);border:1px solid #f2f3f5;border-bottom-width:3px;\">\r\n\r\n\t\t\t<div class=\"fusion-flexslider flexslider fusion-flexslider-loading fusion-post-slideshow\" style=\"border-color:#f2f3f5;\">\r\n\t\t<ul class=\"slides\">\r\n\t\t\t\r\n\t\t\t\t\t\t\t\t\t\t\t\t\t\t<li>\n\n<div  class=\"fusion-image-wrapper\" aria-haspopup=\"true\">\n\t\n\t\n\t\n\t\t\n\t\t\t\t\t<img decoding=\"async\" width=\"1200\" height=\"676\" src=\"https:\/\/fondationphilippelaprise.com\/publication\/wp-content\/uploads\/2025\/05\/Site-web.png\" class=\"attachment-full size-full wp-post-image\" alt=\"\" srcset=\"https:\/\/fondationphilippelaprise.com\/publication\/wp-content\/uploads\/2025\/05\/Site-web-200x113.png 200w, https:\/\/fondationphilippelaprise.com\/publication\/wp-content\/uploads\/2025\/05\/Site-web-400x225.png 400w, https:\/\/fondationphilippelaprise.com\/publication\/wp-content\/uploads\/2025\/05\/Site-web-600x338.png 600w, https:\/\/fondationphilippelaprise.com\/publication\/wp-content\/uploads\/2025\/05\/Site-web-800x451.png 800w, https:\/\/fondationphilippelaprise.com\/publication\/wp-content\/uploads\/2025\/05\/Site-web.png 1200w\" sizes=\"(min-width: 2200px) 100vw, (min-width: 784px) 373px, (min-width: 712px) 560px, (min-width: 640px) 712px, \" \/>\n\t\n\n\t\t<div class=\"fusion-rollover\">\n\t<div class=\"fusion-rollover-content\">\n\n\t\t\t\t\t\t\t\t\t\t\t\t\t\t<a class=\"fusion-rollover-link\" href=\"https:\/\/fondationphilippelaprise.com\/publication\/le-doc-show-en-spectacle-a-quebec-au-profit-de-la-fondation-philippe-laprise\/\">Le Doc Show en spectacle \u00e0 Qu\u00e9bec au profit de la Fondation Philippe Laprise<\/a>\n\t\t\t\n\t\t\t\t\t\t\t\t\n\t\t\n\t\t\t\t\t\t\t\t\n\t\t\t\t\t\t\t\t\n\t\t\n\t\t\t\t\t\t<a class=\"fusion-link-wrapper\" href=\"https:\/\/fondationphilippelaprise.com\/publication\/le-doc-show-en-spectacle-a-quebec-au-profit-de-la-fondation-philippe-laprise\/\" aria-label=\"Le Doc Show en spectacle \u00e0 Qu\u00e9bec au profit de la Fondation Philippe Laprise\"><\/a>\n\t<\/div>\n<\/div>\n\n\t\n<\/div>\n<\/li>\r\n\t\t\t\r\n\t\t\t\r\n\t\t\t\t\t\t\t\t\t\t\t\t\t\t\t\t\t\t\t\t\t\t\t\t\t\t\t\t\t\t\t\t\t\t\t\t\t\t\t\t\t\t\t\t\t\t\t\t\t\t\t\t\t\t\t\t\t\t\t\t\t\t\t\t\t\t\t\t<\/ul>\r\n\t<\/div>\r\n\t<div class=\"fusion-post-content-wrapper\" style=\"padding:30px 25px 25px 25px;\"><div class=\"fusion-post-content post-content\"><h2 class=\"blog-shortcode-post-title entry-title\"><a href=\"https:\/\/fondationphilippelaprise.com\/publication\/le-doc-show-en-spectacle-a-quebec-au-profit-de-la-fondation-philippe-laprise\/\">Le Doc Show en spectacle \u00e0 Qu\u00e9bec au profit de la Fondation Philippe Laprise<\/a><\/h2><div class=\"fusion-post-content-container\"><p>Le Doc Show, un groupe musical compos\u00e9 de m\u00e9decins et [...]<\/p><\/div><\/div><\/div><div class=\"fusion-clearfix\"><\/div><\/div>\n<\/article>\n<article id=\"blog-1-post-356\" class=\"fusion-post-grid post-356 post type-post status-publish format-standard hentry category-levees-de-fonds\">\n<div class=\"fusion-post-wrapper\" style=\"background-color:rgba(255,255,255,0);border:1px solid #f2f3f5;border-bottom-width:3px;\">\r\n\r\n<div class=\"fusion-post-content-wrapper\" style=\"padding:30px 25px 25px 25px;\"><div class=\"fusion-post-content post-content\"><h2 class=\"blog-shortcode-post-title entry-title\"><a href=\"https:\/\/fondationphilippelaprise.com\/publication\/spectacle-dhumour-detienne-langevin\/\">Spectacle d&rsquo;humour d&rsquo;\u00c9tienne Langevin<\/a><\/h2><div class=\"fusion-post-content-container\"><p>\ud83c\udfad Des jeunes qui souhaitent faire une diff\u00e9rence Dans le [...]<\/p><\/div><\/div><\/div><div class=\"fusion-clearfix\"><\/div><\/div>\n<\/article>\n<article id=\"blog-1-post-212\" class=\"fusion-post-grid post-212 post type-post status-publish format-standard has-post-thumbnail hentry category-levees-de-fonds\">\n<div class=\"fusion-post-wrapper\" style=\"background-color:rgba(255,255,255,0);border:1px solid #f2f3f5;border-bottom-width:3px;\">\r\n\r\n\t\t\t<div class=\"fusion-flexslider flexslider fusion-flexslider-loading fusion-post-slideshow\" style=\"border-color:#f2f3f5;\">\r\n\t\t<ul class=\"slides\">\r\n\t\t\t\r\n\t\t\t\t\t\t\t\t\t\t\t\t\t\t<li>\n\n<div  class=\"fusion-image-wrapper\" aria-haspopup=\"true\">\n\t\n\t\n\t\n\t\t\n\t\t\t\t\t<img decoding=\"async\" width=\"1024\" height=\"712\" src=\"https:\/\/fondationphilippelaprise.com\/publication\/wp-content\/uploads\/2022\/12\/64478033_2418742325005452_1288576294304350208_o-1024x712-1.jpg\" class=\"attachment-full size-full wp-post-image\" alt=\"\" srcset=\"https:\/\/fondationphilippelaprise.com\/publication\/wp-content\/uploads\/2022\/12\/64478033_2418742325005452_1288576294304350208_o-1024x712-1-200x139.jpg 200w, https:\/\/fondationphilippelaprise.com\/publication\/wp-content\/uploads\/2022\/12\/64478033_2418742325005452_1288576294304350208_o-1024x712-1-400x278.jpg 400w, https:\/\/fondationphilippelaprise.com\/publication\/wp-content\/uploads\/2022\/12\/64478033_2418742325005452_1288576294304350208_o-1024x712-1-600x417.jpg 600w, https:\/\/fondationphilippelaprise.com\/publication\/wp-content\/uploads\/2022\/12\/64478033_2418742325005452_1288576294304350208_o-1024x712-1-800x556.jpg 800w, https:\/\/fondationphilippelaprise.com\/publication\/wp-content\/uploads\/2022\/12\/64478033_2418742325005452_1288576294304350208_o-1024x712-1.jpg 1024w\" sizes=\"(min-width: 2200px) 100vw, (min-width: 784px) 373px, (min-width: 712px) 560px, (min-width: 640px) 712px, \" \/>\n\t\n\n\t\t<div class=\"fusion-rollover\">\n\t<div class=\"fusion-rollover-content\">\n\n\t\t\t\t\t\t\t\t\t\t\t\t\t\t<a class=\"fusion-rollover-link\" href=\"https:\/\/fondationphilippelaprise.com\/publication\/1er-tournoi-de-golf-familial-le-14-septembre-2019-a-bromont\/\">1er tournoi de GOLF Familial le 14 SEPTEMBRE 2019 \u00e0 Bromont<\/a>\n\t\t\t\n\t\t\t\t\t\t\t\t\n\t\t\n\t\t\t\t\t\t\t\t\n\t\t\t\t\t\t\t\t\n\t\t\n\t\t\t\t\t\t<a class=\"fusion-link-wrapper\" href=\"https:\/\/fondationphilippelaprise.com\/publication\/1er-tournoi-de-golf-familial-le-14-septembre-2019-a-bromont\/\" aria-label=\"1er tournoi de GOLF Familial le 14 SEPTEMBRE 2019 \u00e0 Bromont\"><\/a>\n\t<\/div>\n<\/div>\n\n\t\n<\/div>\n<\/li>\r\n\t\t\t\r\n\t\t\t\r\n\t\t\t\t\t\t\t\t\t\t\t\t\t\t\t\t\t\t\t\t\t\t\t\t\t\t\t\t\t\t\t\t\t\t\t\t\t\t\t\t\t\t\t\t\t\t\t\t\t\t\t\t\t\t\t\t\t\t\t\t\t\t\t\t\t\t\t\t<\/ul>\r\n\t<\/div>\r\n\t<div class=\"fusion-post-content-wrapper\" style=\"padding:30px 25px 25px 25px;\"><div class=\"fusion-post-content post-content\"><h2 class=\"blog-shortcode-post-title entry-title\"><a href=\"https:\/\/fondationphilippelaprise.com\/publication\/1er-tournoi-de-golf-familial-le-14-septembre-2019-a-bromont\/\">1er tournoi de GOLF Familial le 14 SEPTEMBRE 2019 \u00e0 Bromont<\/a><\/h2><div class=\"fusion-post-content-container\"><p>Philippe vous invite \u00e0 la 1re \u00e9dition du Tournoi de [...]<\/p><\/div><\/div><\/div><div class=\"fusion-clearfix\"><\/div><\/div>\n<\/article>\n<article id=\"blog-1-post-209\" class=\"fusion-post-grid post-209 post type-post status-publish format-standard has-post-thumbnail hentry category-levees-de-fonds\">\n<div class=\"fusion-post-wrapper\" style=\"background-color:rgba(255,255,255,0);border:1px solid #f2f3f5;border-bottom-width:3px;\">\r\n\r\n\t\t\t<div class=\"fusion-flexslider flexslider fusion-flexslider-loading fusion-post-slideshow\" style=\"border-color:#f2f3f5;\">\r\n\t\t<ul class=\"slides\">\r\n\t\t\t\r\n\t\t\t\t\t\t\t\t\t\t\t\t\t\t<li>\n\n<div  class=\"fusion-image-wrapper\" aria-haspopup=\"true\">\n\t\n\t\n\t\n\t\t\n\t\t\t\t\t<img decoding=\"async\" width=\"1024\" height=\"734\" src=\"https:\/\/fondationphilippelaprise.com\/publication\/wp-content\/uploads\/2022\/12\/74575060_2524341311112219_218356815933472768_o-1024x734-1.jpg\" class=\"attachment-full size-full wp-post-image\" alt=\"\" srcset=\"https:\/\/fondationphilippelaprise.com\/publication\/wp-content\/uploads\/2022\/12\/74575060_2524341311112219_218356815933472768_o-1024x734-1-200x143.jpg 200w, https:\/\/fondationphilippelaprise.com\/publication\/wp-content\/uploads\/2022\/12\/74575060_2524341311112219_218356815933472768_o-1024x734-1-400x287.jpg 400w, https:\/\/fondationphilippelaprise.com\/publication\/wp-content\/uploads\/2022\/12\/74575060_2524341311112219_218356815933472768_o-1024x734-1-600x430.jpg 600w, https:\/\/fondationphilippelaprise.com\/publication\/wp-content\/uploads\/2022\/12\/74575060_2524341311112219_218356815933472768_o-1024x734-1-800x573.jpg 800w, https:\/\/fondationphilippelaprise.com\/publication\/wp-content\/uploads\/2022\/12\/74575060_2524341311112219_218356815933472768_o-1024x734-1.jpg 1024w\" sizes=\"(min-width: 2200px) 100vw, (min-width: 784px) 373px, (min-width: 712px) 560px, (min-width: 640px) 712px, \" \/>\n\t\n\n\t\t<div class=\"fusion-rollover\">\n\t<div class=\"fusion-rollover-content\">\n\n\t\t\t\t\t\t\t\t\t\t\t\t\t\t<a class=\"fusion-rollover-link\" href=\"https:\/\/fondationphilippelaprise.com\/publication\/evenement-completement-tdah-a-chambly\/\">\u00c9v\u00e9nement COMPL\u00c8TEMENT TDAH \u00e0 Chambly<\/a>\n\t\t\t\n\t\t\t\t\t\t\t\t\n\t\t\n\t\t\t\t\t\t\t\t\n\t\t\t\t\t\t\t\t\n\t\t\n\t\t\t\t\t\t<a class=\"fusion-link-wrapper\" href=\"https:\/\/fondationphilippelaprise.com\/publication\/evenement-completement-tdah-a-chambly\/\" aria-label=\"\u00c9v\u00e9nement COMPL\u00c8TEMENT TDAH \u00e0 Chambly\"><\/a>\n\t<\/div>\n<\/div>\n\n\t\n<\/div>\n<\/li>\r\n\t\t\t\r\n\t\t\t\r\n\t\t\t\t\t\t\t\t\t\t\t\t\t\t\t\t\t\t\t\t\t\t\t\t\t\t\t\t\t\t\t\t\t\t\t\t\t\t\t\t\t\t\t\t\t\t\t\t\t\t\t\t\t\t\t\t\t\t\t\t\t\t\t\t\t\t\t\t<\/ul>\r\n\t<\/div>\r\n\t<div class=\"fusion-post-content-wrapper\" style=\"padding:30px 25px 25px 25px;\"><div class=\"fusion-post-content post-content\"><h2 class=\"blog-shortcode-post-title entry-title\"><a href=\"https:\/\/fondationphilippelaprise.com\/publication\/evenement-completement-tdah-a-chambly\/\">\u00c9v\u00e9nement COMPL\u00c8TEMENT TDAH \u00e0 Chambly<\/a><\/h2><div class=\"fusion-post-content-container\"><p>Un \u00e9norme merci \u00e0 la docteure Louise Goulet qui nous [...]<\/p><\/div><\/div><\/div><div class=\"fusion-clearfix\"><\/div><\/div>\n<\/article>\n<div class=\"fusion-clearfix\"><\/div><\/div><div class=\"pagination clearfix\"><span class=\"current\">1<\/span><a href=\"https:\/\/fondationphilippelaprise.com\/publication\/wp-json\/wp\/v2\/pages\/215\/page\/2\/\" class=\"inactive\">2<\/a><a class=\"pagination-next\" rel=\"next\" href=\"https:\/\/fondationphilippelaprise.com\/publication\/wp-json\/wp\/v2\/pages\/215\/page\/2\/\"><span class=\"page-text\">Suivant<\/span><span class=\"page-next\"><\/span><\/a><\/div><div class=\"fusion-clearfix\"><\/div><\/div><\/div><style type=\"text\/css\">.fusion-body .fusion-builder-column-4{width:100% !important;margin-top : 0px;margin-bottom : 0px;}.fusion-builder-column-4 > .fusion-column-wrapper {padding-top : 0px !important;padding-right : 0px !important;margin-right : 1.92%;padding-bottom : 0px !important;padding-left : 0px !important;margin-left : 1.92%;}@media only screen and (max-width:1024px) {.fusion-body .fusion-builder-column-4{width:100% !important;order : 0;}.fusion-builder-column-4 > .fusion-column-wrapper {margin-right : 1.92%;margin-left : 1.92%;}}@media only screen and (max-width:640px) {.fusion-body .fusion-builder-column-4{width:100% !important;order : 0;}.fusion-builder-column-4 > .fusion-column-wrapper {margin-right : 1.92%;margin-left : 1.92%;}}<\/style><\/div><\/div><style type=\"text\/css\">.fusion-body .fusion-flex-container.fusion-builder-row-3{ padding-top : 80px;margin-top : 0px;padding-right : 0px;padding-bottom : 80px;margin-bottom : 0px;padding-left : 0px;}<\/style><\/div><div class=\"fusion-fullwidth fullwidth-box fusion-builder-row-4 fusion-flex-container nonhundred-percent-fullwidth non-hundred-percent-height-scrolling fusion-no-small-visibility fusion-no-large-visibility\" style=\"background-color: rgba(255,255,255,0);background-position: center center;background-repeat: no-repeat;border-width: 0px 0px 0px 0px;border-color:#e2e2e2;border-style:solid;\" ><div class=\"fusion-builder-row fusion-row fusion-flex-align-items-flex-start\" style=\"max-width:1248px;margin-left: calc(-4% \/ 2 );margin-right: calc(-4% \/ 2 );\"><div class=\"fusion-layout-column fusion_builder_column fusion-builder-column-5 fusion_builder_column_1_1 1_1 fusion-flex-column\"><div class=\"fusion-column-wrapper fusion-flex-justify-content-flex-start fusion-content-layout-column\" style=\"background-position:left top;background-repeat:no-repeat;-webkit-background-size:cover;-moz-background-size:cover;-o-background-size:cover;background-size:cover;padding: 0px 0px 0px 0px;\"><div class=\"fusion-blog-shortcode fusion-blog-shortcode-2 fusion-blog-archive fusion-blog-layout-grid-wrapper fusion-blog-pagination\"><style type=\"text\/css\">.fusion-blog-shortcode-2 .fusion-blog-layout-grid .fusion-post-grid{padding:20px;}.fusion-blog-shortcode-2 .fusion-posts-container{margin-left: -20px !important; margin-right:-20px !important;}<\/style><div class=\"fusion-posts-container fusion-posts-container-pagination fusion-no-meta-info fusion-blog-rollover fusion-blog-layout-grid fusion-blog-layout-grid-3 isotope\" data-pages=\"2\" data-grid-col-space=\"40\" style=\"margin: -20px -20px 0;min-height:500px;\"><article id=\"blog-2-post-436\" class=\"fusion-post-grid post-436 post type-post status-publish format-standard has-post-thumbnail hentry category-levees-de-fonds\">\n<div class=\"fusion-post-wrapper\" style=\"background-color:rgba(255,255,255,0);border:1px solid #f2f3f5;border-bottom-width:3px;\">\r\n\r\n\t\t\t<div class=\"fusion-flexslider flexslider fusion-flexslider-loading fusion-post-slideshow\" style=\"border-color:#f2f3f5;\">\r\n\t\t<ul class=\"slides\">\r\n\t\t\t\r\n\t\t\t\t\t\t\t\t\t\t\t\t\t\t<li>\n\n<div  class=\"fusion-image-wrapper\" aria-haspopup=\"true\">\n\t\n\t\n\t\n\t\t\n\t\t\t\t\t<img decoding=\"async\" width=\"1200\" height=\"676\" src=\"https:\/\/fondationphilippelaprise.com\/publication\/wp-content\/uploads\/2025\/10\/Fallait-etre-TDAH-web_banners-COMPLET.jpg\" class=\"attachment-full size-full wp-post-image\" alt=\"\" srcset=\"https:\/\/fondationphilippelaprise.com\/publication\/wp-content\/uploads\/2025\/10\/Fallait-etre-TDAH-web_banners-COMPLET-200x113.jpg 200w, https:\/\/fondationphilippelaprise.com\/publication\/wp-content\/uploads\/2025\/10\/Fallait-etre-TDAH-web_banners-COMPLET-400x225.jpg 400w, https:\/\/fondationphilippelaprise.com\/publication\/wp-content\/uploads\/2025\/10\/Fallait-etre-TDAH-web_banners-COMPLET-600x338.jpg 600w, https:\/\/fondationphilippelaprise.com\/publication\/wp-content\/uploads\/2025\/10\/Fallait-etre-TDAH-web_banners-COMPLET-800x451.jpg 800w, https:\/\/fondationphilippelaprise.com\/publication\/wp-content\/uploads\/2025\/10\/Fallait-etre-TDAH-web_banners-COMPLET.jpg 1200w\" sizes=\"(min-width: 2200px) 100vw, (min-width: 784px) 373px, (min-width: 712px) 560px, (min-width: 640px) 712px, \" \/>\n\t\n\n\t\t<div class=\"fusion-rollover\">\n\t<div class=\"fusion-rollover-content\">\n\n\t\t\t\t\t\t\t\t\t\t\t\t\t\t<a class=\"fusion-rollover-link\" href=\"https:\/\/fondationphilippelaprise.com\/publication\/un-marathon-dhumour-inedit-a-montreal-pour-soutenir-le-tdah-au-feminin-3\/\">Un marathon d&rsquo;humour in\u00e9dit \u00e0 Montr\u00e9al pour soutenir le TDAH au f\u00e9minin<\/a>\n\t\t\t\n\t\t\t\t\t\t\t\t\n\t\t\n\t\t\t\t\t\t\t\t\n\t\t\t\t\t\t\t\t\n\t\t\n\t\t\t\t\t\t<a class=\"fusion-link-wrapper\" href=\"https:\/\/fondationphilippelaprise.com\/publication\/un-marathon-dhumour-inedit-a-montreal-pour-soutenir-le-tdah-au-feminin-3\/\" aria-label=\"Un marathon d&rsquo;humour in\u00e9dit \u00e0 Montr\u00e9al pour soutenir le TDAH au f\u00e9minin\"><\/a>\n\t<\/div>\n<\/div>\n\n\t\n<\/div>\n<\/li>\r\n\t\t\t\r\n\t\t\t\r\n\t\t\t\t\t\t\t\t\t\t\t\t\t\t\t\t\t\t\t\t\t\t\t\t\t\t\t\t\t\t\t\t\t\t\t\t\t\t\t\t\t\t\t\t\t\t\t\t\t\t\t\t\t\t\t\t\t\t\t\t\t\t\t\t\t\t\t\t<\/ul>\r\n\t<\/div>\r\n\t<div class=\"fusion-post-content-wrapper\" style=\"padding:30px 25px 25px 25px;\"><div class=\"fusion-post-content post-content\"><h2 class=\"blog-shortcode-post-title entry-title\"><a href=\"https:\/\/fondationphilippelaprise.com\/publication\/un-marathon-dhumour-inedit-a-montreal-pour-soutenir-le-tdah-au-feminin-3\/\">Un marathon d&rsquo;humour in\u00e9dit \u00e0 Montr\u00e9al pour soutenir le TDAH au f\u00e9minin<\/a><\/h2><div class=\"fusion-post-content-container\"><p>\u00c9dition sp\u00e9ciale du spectacle Fallait \u00eatre l\u00e0 Marathon Compl\u00e8tement TDAH [...]<\/p><\/div><\/div><\/div><div class=\"fusion-clearfix\"><\/div><\/div>\n<\/article>\n<article id=\"blog-2-post-392\" class=\"fusion-post-grid post-392 post type-post status-publish format-standard has-post-thumbnail hentry category-levees-de-fonds\">\n<div class=\"fusion-post-wrapper\" style=\"background-color:rgba(255,255,255,0);border:1px solid #f2f3f5;border-bottom-width:3px;\">\r\n\r\n\t\t\t<div class=\"fusion-flexslider flexslider fusion-flexslider-loading fusion-post-slideshow\" style=\"border-color:#f2f3f5;\">\r\n\t\t<ul class=\"slides\">\r\n\t\t\t\r\n\t\t\t\t\t\t\t\t\t\t\t\t\t\t<li>\n\n<div  class=\"fusion-image-wrapper\" aria-haspopup=\"true\">\n\t\n\t\n\t\n\t\t\n\t\t\t\t\t<img decoding=\"async\" width=\"1943\" height=\"1279\" src=\"https:\/\/fondationphilippelaprise.com\/publication\/wp-content\/uploads\/2025\/07\/Site-Internet.png\" class=\"attachment-full size-full wp-post-image\" alt=\"\" srcset=\"https:\/\/fondationphilippelaprise.com\/publication\/wp-content\/uploads\/2025\/07\/Site-Internet-200x132.png 200w, https:\/\/fondationphilippelaprise.com\/publication\/wp-content\/uploads\/2025\/07\/Site-Internet-400x263.png 400w, https:\/\/fondationphilippelaprise.com\/publication\/wp-content\/uploads\/2025\/07\/Site-Internet-600x395.png 600w, https:\/\/fondationphilippelaprise.com\/publication\/wp-content\/uploads\/2025\/07\/Site-Internet-800x527.png 800w, https:\/\/fondationphilippelaprise.com\/publication\/wp-content\/uploads\/2025\/07\/Site-Internet-1200x790.png 1200w, https:\/\/fondationphilippelaprise.com\/publication\/wp-content\/uploads\/2025\/07\/Site-Internet.png 1943w\" sizes=\"(min-width: 2200px) 100vw, (min-width: 784px) 373px, (min-width: 712px) 560px, (min-width: 640px) 712px, \" \/>\n\t\n\n\t\t<div class=\"fusion-rollover\">\n\t<div class=\"fusion-rollover-content\">\n\n\t\t\t\t\t\t\t\t\t\t\t\t\t\t<a class=\"fusion-rollover-link\" href=\"https:\/\/fondationphilippelaprise.com\/publication\/philippe-laprise-animera-le-focus-show-presente-par-le-groupe-castech-plessitech-2\/\">Philippe Laprise animera Le Focus Show pr\u00e9sent\u00e9 par le Groupe Castech\/Plessitech<\/a>\n\t\t\t\n\t\t\t\t\t\t\t\t\n\t\t\n\t\t\t\t\t\t\t\t\n\t\t\t\t\t\t\t\t\n\t\t\n\t\t\t\t\t\t<a class=\"fusion-link-wrapper\" href=\"https:\/\/fondationphilippelaprise.com\/publication\/philippe-laprise-animera-le-focus-show-presente-par-le-groupe-castech-plessitech-2\/\" aria-label=\"Philippe Laprise animera Le Focus Show pr\u00e9sent\u00e9 par le Groupe Castech\/Plessitech\"><\/a>\n\t<\/div>\n<\/div>\n\n\t\n<\/div>\n<\/li>\r\n\t\t\t\r\n\t\t\t\r\n\t\t\t\t\t\t\t\t\t\t\t\t\t\t\t\t\t\t\t\t\t\t\t\t\t\t\t\t\t\t\t\t\t\t\t\t\t\t\t\t\t\t\t\t\t\t\t\t\t\t\t\t\t\t\t\t\t\t\t\t\t\t\t\t\t\t\t\t<\/ul>\r\n\t<\/div>\r\n\t<div class=\"fusion-post-content-wrapper\" style=\"padding:30px 25px 25px 25px;\"><div class=\"fusion-post-content post-content\"><h2 class=\"blog-shortcode-post-title entry-title\"><a href=\"https:\/\/fondationphilippelaprise.com\/publication\/philippe-laprise-animera-le-focus-show-presente-par-le-groupe-castech-plessitech-2\/\">Philippe Laprise animera Le Focus Show pr\u00e9sent\u00e9 par le Groupe Castech\/Plessitech<\/a><\/h2><div class=\"fusion-post-content-container\"><p>Le vendredi 3 octobre 2025 \u00e0 20 h, l\u2019auditorium de [...]<\/p><\/div><\/div><\/div><div class=\"fusion-clearfix\"><\/div><\/div>\n<\/article>\n<article id=\"blog-2-post-372\" class=\"fusion-post-grid post-372 post type-post status-publish format-standard has-post-thumbnail hentry category-levees-de-fonds\">\n<div class=\"fusion-post-wrapper\" style=\"background-color:rgba(255,255,255,0);border:1px solid #f2f3f5;border-bottom-width:3px;\">\r\n\r\n\t\t\t<div class=\"fusion-flexslider flexslider fusion-flexslider-loading fusion-post-slideshow\" style=\"border-color:#f2f3f5;\">\r\n\t\t<ul class=\"slides\">\r\n\t\t\t\r\n\t\t\t\t\t\t\t\t\t\t\t\t\t\t<li>\n\n<div  class=\"fusion-image-wrapper\" aria-haspopup=\"true\">\n\t\n\t\n\t\n\t\t\n\t\t\t\t\t<img decoding=\"async\" width=\"1200\" height=\"676\" src=\"https:\/\/fondationphilippelaprise.com\/publication\/wp-content\/uploads\/2025\/05\/Site-web.png\" class=\"attachment-full size-full wp-post-image\" alt=\"\" srcset=\"https:\/\/fondationphilippelaprise.com\/publication\/wp-content\/uploads\/2025\/05\/Site-web-200x113.png 200w, https:\/\/fondationphilippelaprise.com\/publication\/wp-content\/uploads\/2025\/05\/Site-web-400x225.png 400w, https:\/\/fondationphilippelaprise.com\/publication\/wp-content\/uploads\/2025\/05\/Site-web-600x338.png 600w, https:\/\/fondationphilippelaprise.com\/publication\/wp-content\/uploads\/2025\/05\/Site-web-800x451.png 800w, https:\/\/fondationphilippelaprise.com\/publication\/wp-content\/uploads\/2025\/05\/Site-web.png 1200w\" sizes=\"(min-width: 2200px) 100vw, (min-width: 784px) 373px, (min-width: 712px) 560px, (min-width: 640px) 712px, \" \/>\n\t\n\n\t\t<div class=\"fusion-rollover\">\n\t<div class=\"fusion-rollover-content\">\n\n\t\t\t\t\t\t\t\t\t\t\t\t\t\t<a class=\"fusion-rollover-link\" href=\"https:\/\/fondationphilippelaprise.com\/publication\/le-doc-show-en-spectacle-a-quebec-au-profit-de-la-fondation-philippe-laprise\/\">Le Doc Show en spectacle \u00e0 Qu\u00e9bec au profit de la Fondation Philippe Laprise<\/a>\n\t\t\t\n\t\t\t\t\t\t\t\t\n\t\t\n\t\t\t\t\t\t\t\t\n\t\t\t\t\t\t\t\t\n\t\t\n\t\t\t\t\t\t<a class=\"fusion-link-wrapper\" href=\"https:\/\/fondationphilippelaprise.com\/publication\/le-doc-show-en-spectacle-a-quebec-au-profit-de-la-fondation-philippe-laprise\/\" aria-label=\"Le Doc Show en spectacle \u00e0 Qu\u00e9bec au profit de la Fondation Philippe Laprise\"><\/a>\n\t<\/div>\n<\/div>\n\n\t\n<\/div>\n<\/li>\r\n\t\t\t\r\n\t\t\t\r\n\t\t\t\t\t\t\t\t\t\t\t\t\t\t\t\t\t\t\t\t\t\t\t\t\t\t\t\t\t\t\t\t\t\t\t\t\t\t\t\t\t\t\t\t\t\t\t\t\t\t\t\t\t\t\t\t\t\t\t\t\t\t\t\t\t\t\t\t<\/ul>\r\n\t<\/div>\r\n\t<div class=\"fusion-post-content-wrapper\" style=\"padding:30px 25px 25px 25px;\"><div class=\"fusion-post-content post-content\"><h2 class=\"blog-shortcode-post-title entry-title\"><a href=\"https:\/\/fondationphilippelaprise.com\/publication\/le-doc-show-en-spectacle-a-quebec-au-profit-de-la-fondation-philippe-laprise\/\">Le Doc Show en spectacle \u00e0 Qu\u00e9bec au profit de la Fondation Philippe Laprise<\/a><\/h2><div class=\"fusion-post-content-container\"><p>Le Doc Show, un groupe musical compos\u00e9 de m\u00e9decins et [...]<\/p><\/div><\/div><\/div><div class=\"fusion-clearfix\"><\/div><\/div>\n<\/article>\n<article id=\"blog-2-post-356\" class=\"fusion-post-grid post-356 post type-post status-publish format-standard hentry category-levees-de-fonds\">\n<div class=\"fusion-post-wrapper\" style=\"background-color:rgba(255,255,255,0);border:1px solid #f2f3f5;border-bottom-width:3px;\">\r\n\r\n<div class=\"fusion-post-content-wrapper\" style=\"padding:30px 25px 25px 25px;\"><div class=\"fusion-post-content post-content\"><h2 class=\"blog-shortcode-post-title entry-title\"><a href=\"https:\/\/fondationphilippelaprise.com\/publication\/spectacle-dhumour-detienne-langevin\/\">Spectacle d&rsquo;humour d&rsquo;\u00c9tienne Langevin<\/a><\/h2><div class=\"fusion-post-content-container\"><p>\ud83c\udfad Des jeunes qui souhaitent faire une diff\u00e9rence Dans le [...]<\/p><\/div><\/div><\/div><div class=\"fusion-clearfix\"><\/div><\/div>\n<\/article>\n<article id=\"blog-2-post-212\" class=\"fusion-post-grid post-212 post type-post status-publish format-standard has-post-thumbnail hentry category-levees-de-fonds\">\n<div class=\"fusion-post-wrapper\" style=\"background-color:rgba(255,255,255,0);border:1px solid #f2f3f5;border-bottom-width:3px;\">\r\n\r\n\t\t\t<div class=\"fusion-flexslider flexslider fusion-flexslider-loading fusion-post-slideshow\" style=\"border-color:#f2f3f5;\">\r\n\t\t<ul class=\"slides\">\r\n\t\t\t\r\n\t\t\t\t\t\t\t\t\t\t\t\t\t\t<li>\n\n<div  class=\"fusion-image-wrapper\" aria-haspopup=\"true\">\n\t\n\t\n\t\n\t\t\n\t\t\t\t\t<img decoding=\"async\" width=\"1024\" height=\"712\" src=\"https:\/\/fondationphilippelaprise.com\/publication\/wp-content\/uploads\/2022\/12\/64478033_2418742325005452_1288576294304350208_o-1024x712-1.jpg\" class=\"attachment-full size-full wp-post-image\" alt=\"\" srcset=\"https:\/\/fondationphilippelaprise.com\/publication\/wp-content\/uploads\/2022\/12\/64478033_2418742325005452_1288576294304350208_o-1024x712-1-200x139.jpg 200w, https:\/\/fondationphilippelaprise.com\/publication\/wp-content\/uploads\/2022\/12\/64478033_2418742325005452_1288576294304350208_o-1024x712-1-400x278.jpg 400w, https:\/\/fondationphilippelaprise.com\/publication\/wp-content\/uploads\/2022\/12\/64478033_2418742325005452_1288576294304350208_o-1024x712-1-600x417.jpg 600w, https:\/\/fondationphilippelaprise.com\/publication\/wp-content\/uploads\/2022\/12\/64478033_2418742325005452_1288576294304350208_o-1024x712-1-800x556.jpg 800w, https:\/\/fondationphilippelaprise.com\/publication\/wp-content\/uploads\/2022\/12\/64478033_2418742325005452_1288576294304350208_o-1024x712-1.jpg 1024w\" sizes=\"(min-width: 2200px) 100vw, (min-width: 784px) 373px, (min-width: 712px) 560px, (min-width: 640px) 712px, \" \/>\n\t\n\n\t\t<div class=\"fusion-rollover\">\n\t<div class=\"fusion-rollover-content\">\n\n\t\t\t\t\t\t\t\t\t\t\t\t\t\t<a class=\"fusion-rollover-link\" href=\"https:\/\/fondationphilippelaprise.com\/publication\/1er-tournoi-de-golf-familial-le-14-septembre-2019-a-bromont\/\">1er tournoi de GOLF Familial le 14 SEPTEMBRE 2019 \u00e0 Bromont<\/a>\n\t\t\t\n\t\t\t\t\t\t\t\t\n\t\t\n\t\t\t\t\t\t\t\t\n\t\t\t\t\t\t\t\t\n\t\t\n\t\t\t\t\t\t<a class=\"fusion-link-wrapper\" href=\"https:\/\/fondationphilippelaprise.com\/publication\/1er-tournoi-de-golf-familial-le-14-septembre-2019-a-bromont\/\" aria-label=\"1er tournoi de GOLF Familial le 14 SEPTEMBRE 2019 \u00e0 Bromont\"><\/a>\n\t<\/div>\n<\/div>\n\n\t\n<\/div>\n<\/li>\r\n\t\t\t\r\n\t\t\t\r\n\t\t\t\t\t\t\t\t\t\t\t\t\t\t\t\t\t\t\t\t\t\t\t\t\t\t\t\t\t\t\t\t\t\t\t\t\t\t\t\t\t\t\t\t\t\t\t\t\t\t\t\t\t\t\t\t\t\t\t\t\t\t\t\t\t\t\t\t<\/ul>\r\n\t<\/div>\r\n\t<div class=\"fusion-post-content-wrapper\" style=\"padding:30px 25px 25px 25px;\"><div class=\"fusion-post-content post-content\"><h2 class=\"blog-shortcode-post-title entry-title\"><a href=\"https:\/\/fondationphilippelaprise.com\/publication\/1er-tournoi-de-golf-familial-le-14-septembre-2019-a-bromont\/\">1er tournoi de GOLF Familial le 14 SEPTEMBRE 2019 \u00e0 Bromont<\/a><\/h2><div class=\"fusion-post-content-container\"><p>Philippe vous invite \u00e0 la 1re \u00e9dition du Tournoi de [...]<\/p><\/div><\/div><\/div><div class=\"fusion-clearfix\"><\/div><\/div>\n<\/article>\n<article id=\"blog-2-post-209\" class=\"fusion-post-grid post-209 post type-post status-publish format-standard has-post-thumbnail hentry category-levees-de-fonds\">\n<div class=\"fusion-post-wrapper\" style=\"background-color:rgba(255,255,255,0);border:1px solid #f2f3f5;border-bottom-width:3px;\">\r\n\r\n\t\t\t<div class=\"fusion-flexslider flexslider fusion-flexslider-loading fusion-post-slideshow\" style=\"border-color:#f2f3f5;\">\r\n\t\t<ul class=\"slides\">\r\n\t\t\t\r\n\t\t\t\t\t\t\t\t\t\t\t\t\t\t<li>\n\n<div  class=\"fusion-image-wrapper\" aria-haspopup=\"true\">\n\t\n\t\n\t\n\t\t\n\t\t\t\t\t<img decoding=\"async\" width=\"1024\" height=\"734\" src=\"https:\/\/fondationphilippelaprise.com\/publication\/wp-content\/uploads\/2022\/12\/74575060_2524341311112219_218356815933472768_o-1024x734-1.jpg\" class=\"attachment-full size-full wp-post-image\" alt=\"\" srcset=\"https:\/\/fondationphilippelaprise.com\/publication\/wp-content\/uploads\/2022\/12\/74575060_2524341311112219_218356815933472768_o-1024x734-1-200x143.jpg 200w, https:\/\/fondationphilippelaprise.com\/publication\/wp-content\/uploads\/2022\/12\/74575060_2524341311112219_218356815933472768_o-1024x734-1-400x287.jpg 400w, https:\/\/fondationphilippelaprise.com\/publication\/wp-content\/uploads\/2022\/12\/74575060_2524341311112219_218356815933472768_o-1024x734-1-600x430.jpg 600w, https:\/\/fondationphilippelaprise.com\/publication\/wp-content\/uploads\/2022\/12\/74575060_2524341311112219_218356815933472768_o-1024x734-1-800x573.jpg 800w, https:\/\/fondationphilippelaprise.com\/publication\/wp-content\/uploads\/2022\/12\/74575060_2524341311112219_218356815933472768_o-1024x734-1.jpg 1024w\" sizes=\"(min-width: 2200px) 100vw, (min-width: 784px) 373px, (min-width: 712px) 560px, (min-width: 640px) 712px, \" \/>\n\t\n\n\t\t<div class=\"fusion-rollover\">\n\t<div class=\"fusion-rollover-content\">\n\n\t\t\t\t\t\t\t\t\t\t\t\t\t\t<a class=\"fusion-rollover-link\" href=\"https:\/\/fondationphilippelaprise.com\/publication\/evenement-completement-tdah-a-chambly\/\">\u00c9v\u00e9nement COMPL\u00c8TEMENT TDAH \u00e0 Chambly<\/a>\n\t\t\t\n\t\t\t\t\t\t\t\t\n\t\t\n\t\t\t\t\t\t\t\t\n\t\t\t\t\t\t\t\t\n\t\t\n\t\t\t\t\t\t<a class=\"fusion-link-wrapper\" href=\"https:\/\/fondationphilippelaprise.com\/publication\/evenement-completement-tdah-a-chambly\/\" aria-label=\"\u00c9v\u00e9nement COMPL\u00c8TEMENT TDAH \u00e0 Chambly\"><\/a>\n\t<\/div>\n<\/div>\n\n\t\n<\/div>\n<\/li>\r\n\t\t\t\r\n\t\t\t\r\n\t\t\t\t\t\t\t\t\t\t\t\t\t\t\t\t\t\t\t\t\t\t\t\t\t\t\t\t\t\t\t\t\t\t\t\t\t\t\t\t\t\t\t\t\t\t\t\t\t\t\t\t\t\t\t\t\t\t\t\t\t\t\t\t\t\t\t\t<\/ul>\r\n\t<\/div>\r\n\t<div class=\"fusion-post-content-wrapper\" style=\"padding:30px 25px 25px 25px;\"><div class=\"fusion-post-content post-content\"><h2 class=\"blog-shortcode-post-title entry-title\"><a href=\"https:\/\/fondationphilippelaprise.com\/publication\/evenement-completement-tdah-a-chambly\/\">\u00c9v\u00e9nement COMPL\u00c8TEMENT TDAH \u00e0 Chambly<\/a><\/h2><div class=\"fusion-post-content-container\"><p>Un \u00e9norme merci \u00e0 la docteure Louise Goulet qui nous [...]<\/p><\/div><\/div><\/div><div class=\"fusion-clearfix\"><\/div><\/div>\n<\/article>\n<div class=\"fusion-clearfix\"><\/div><\/div><div class=\"pagination clearfix\"><span class=\"current\">1<\/span><a href=\"https:\/\/fondationphilippelaprise.com\/publication\/wp-json\/wp\/v2\/pages\/215\/page\/2\/\" class=\"inactive\">2<\/a><a class=\"pagination-next\" rel=\"next\" href=\"https:\/\/fondationphilippelaprise.com\/publication\/wp-json\/wp\/v2\/pages\/215\/page\/2\/\"><span class=\"page-text\">Suivant<\/span><span class=\"page-next\"><\/span><\/a><\/div><div class=\"fusion-clearfix\"><\/div><\/div><\/div><style type=\"text\/css\">.fusion-body .fusion-builder-column-5{width:100% !important;margin-top : 0px;margin-bottom : 0px;}.fusion-builder-column-5 > .fusion-column-wrapper {padding-top : 0px !important;padding-right : 0px !important;margin-right : 1.92%;padding-bottom : 0px !important;padding-left : 0px !important;margin-left : 1.92%;}@media only screen and (max-width:1024px) {.fusion-body .fusion-builder-column-5{width:100% !important;order : 0;}.fusion-builder-column-5 > .fusion-column-wrapper {margin-right : 1.92%;margin-left : 1.92%;}}@media only screen and (max-width:640px) {.fusion-body .fusion-builder-column-5{width:100% !important;order : 0;}.fusion-builder-column-5 > .fusion-column-wrapper {margin-right : 1.92%;margin-left : 1.92%;}}<\/style><\/div><\/div><style type=\"text\/css\">.fusion-body .fusion-flex-container.fusion-builder-row-4{ padding-top : 60px;margin-top : 0px;padding-right : 0px;padding-bottom : 60px;margin-bottom : 0px;padding-left : 0px;}<\/style><\/div><div class=\"fusion-fullwidth fullwidth-box fusion-builder-row-5 fusion-flex-container nonhundred-percent-fullwidth non-hundred-percent-height-scrolling fusion-no-medium-visibility fusion-no-large-visibility\" style=\"background-color: rgba(255,255,255,0);background-position: center center;background-repeat: no-repeat;border-width: 0px 0px 0px 0px;border-color:#e2e2e2;border-style:solid;\" ><div class=\"fusion-builder-row fusion-row fusion-flex-align-items-flex-start\" style=\"max-width:1248px;margin-left: calc(-4% \/ 2 );margin-right: calc(-4% \/ 2 );\"><div class=\"fusion-layout-column fusion_builder_column fusion-builder-column-6 fusion_builder_column_1_1 1_1 fusion-flex-column\"><div class=\"fusion-column-wrapper fusion-flex-justify-content-flex-start fusion-content-layout-column\" style=\"background-position:left top;background-repeat:no-repeat;-webkit-background-size:cover;-moz-background-size:cover;-o-background-size:cover;background-size:cover;padding: 0px 0px 0px 0px;\"><div class=\"fusion-blog-shortcode fusion-blog-shortcode-3 fusion-blog-archive fusion-blog-layout-grid-wrapper fusion-blog-pagination\"><style type=\"text\/css\">.fusion-blog-shortcode-3 .fusion-blog-layout-grid .fusion-post-grid{padding:20px;}.fusion-blog-shortcode-3 .fusion-posts-container{margin-left: -20px !important; margin-right:-20px !important;}<\/style><div class=\"fusion-posts-container fusion-posts-container-pagination fusion-no-meta-info fusion-blog-rollover fusion-blog-layout-grid fusion-blog-layout-grid-3 isotope\" data-pages=\"2\" data-grid-col-space=\"40\" style=\"margin: -20px -20px 0;min-height:500px;\"><article id=\"blog-3-post-436\" class=\"fusion-post-grid post-436 post type-post status-publish format-standard has-post-thumbnail hentry category-levees-de-fonds\">\n<div class=\"fusion-post-wrapper\" style=\"background-color:rgba(255,255,255,0);border:1px solid #f2f3f5;border-bottom-width:3px;\">\r\n\r\n\t\t\t<div class=\"fusion-flexslider flexslider fusion-flexslider-loading fusion-post-slideshow\" style=\"border-color:#f2f3f5;\">\r\n\t\t<ul class=\"slides\">\r\n\t\t\t\r\n\t\t\t\t\t\t\t\t\t\t\t\t\t\t<li>\n\n<div  class=\"fusion-image-wrapper\" aria-haspopup=\"true\">\n\t\n\t\n\t\n\t\t\n\t\t\t\t\t<img decoding=\"async\" width=\"1200\" height=\"676\" src=\"https:\/\/fondationphilippelaprise.com\/publication\/wp-content\/uploads\/2025\/10\/Fallait-etre-TDAH-web_banners-COMPLET.jpg\" class=\"attachment-full size-full wp-post-image\" alt=\"\" srcset=\"https:\/\/fondationphilippelaprise.com\/publication\/wp-content\/uploads\/2025\/10\/Fallait-etre-TDAH-web_banners-COMPLET-200x113.jpg 200w, https:\/\/fondationphilippelaprise.com\/publication\/wp-content\/uploads\/2025\/10\/Fallait-etre-TDAH-web_banners-COMPLET-400x225.jpg 400w, https:\/\/fondationphilippelaprise.com\/publication\/wp-content\/uploads\/2025\/10\/Fallait-etre-TDAH-web_banners-COMPLET-600x338.jpg 600w, https:\/\/fondationphilippelaprise.com\/publication\/wp-content\/uploads\/2025\/10\/Fallait-etre-TDAH-web_banners-COMPLET-800x451.jpg 800w, https:\/\/fondationphilippelaprise.com\/publication\/wp-content\/uploads\/2025\/10\/Fallait-etre-TDAH-web_banners-COMPLET.jpg 1200w\" sizes=\"(min-width: 2200px) 100vw, (min-width: 784px) 373px, (min-width: 712px) 560px, (min-width: 640px) 712px, \" \/>\n\t\n\n\t\t<div class=\"fusion-rollover\">\n\t<div class=\"fusion-rollover-content\">\n\n\t\t\t\t\t\t\t\t\t\t\t\t\t\t<a class=\"fusion-rollover-link\" href=\"https:\/\/fondationphilippelaprise.com\/publication\/un-marathon-dhumour-inedit-a-montreal-pour-soutenir-le-tdah-au-feminin-3\/\">Un marathon d&rsquo;humour in\u00e9dit \u00e0 Montr\u00e9al pour soutenir le TDAH au f\u00e9minin<\/a>\n\t\t\t\n\t\t\t\t\t\t\t\t\n\t\t\n\t\t\t\t\t\t\t\t\n\t\t\t\t\t\t\t\t\n\t\t\n\t\t\t\t\t\t<a class=\"fusion-link-wrapper\" href=\"https:\/\/fondationphilippelaprise.com\/publication\/un-marathon-dhumour-inedit-a-montreal-pour-soutenir-le-tdah-au-feminin-3\/\" aria-label=\"Un marathon d&rsquo;humour in\u00e9dit \u00e0 Montr\u00e9al pour soutenir le TDAH au f\u00e9minin\"><\/a>\n\t<\/div>\n<\/div>\n\n\t\n<\/div>\n<\/li>\r\n\t\t\t\r\n\t\t\t\r\n\t\t\t\t\t\t\t\t\t\t\t\t\t\t\t\t\t\t\t\t\t\t\t\t\t\t\t\t\t\t\t\t\t\t\t\t\t\t\t\t\t\t\t\t\t\t\t\t\t\t\t\t\t\t\t\t\t\t\t\t\t\t\t\t\t\t\t\t<\/ul>\r\n\t<\/div>\r\n\t<div class=\"fusion-post-content-wrapper\" style=\"padding:30px 25px 25px 25px;\"><div class=\"fusion-post-content post-content\"><h2 class=\"blog-shortcode-post-title entry-title\"><a href=\"https:\/\/fondationphilippelaprise.com\/publication\/un-marathon-dhumour-inedit-a-montreal-pour-soutenir-le-tdah-au-feminin-3\/\">Un marathon d&rsquo;humour in\u00e9dit \u00e0 Montr\u00e9al pour soutenir le TDAH au f\u00e9minin<\/a><\/h2><div class=\"fusion-post-content-container\"><p>\u00c9dition sp\u00e9ciale du spectacle Fallait \u00eatre l\u00e0 Marathon Compl\u00e8tement TDAH [...]<\/p><\/div><\/div><\/div><div class=\"fusion-clearfix\"><\/div><\/div>\n<\/article>\n<article id=\"blog-3-post-392\" class=\"fusion-post-grid post-392 post type-post status-publish format-standard has-post-thumbnail hentry category-levees-de-fonds\">\n<div class=\"fusion-post-wrapper\" style=\"background-color:rgba(255,255,255,0);border:1px solid #f2f3f5;border-bottom-width:3px;\">\r\n\r\n\t\t\t<div class=\"fusion-flexslider flexslider fusion-flexslider-loading fusion-post-slideshow\" style=\"border-color:#f2f3f5;\">\r\n\t\t<ul class=\"slides\">\r\n\t\t\t\r\n\t\t\t\t\t\t\t\t\t\t\t\t\t\t<li>\n\n<div  class=\"fusion-image-wrapper\" aria-haspopup=\"true\">\n\t\n\t\n\t\n\t\t\n\t\t\t\t\t<img decoding=\"async\" width=\"1943\" height=\"1279\" src=\"https:\/\/fondationphilippelaprise.com\/publication\/wp-content\/uploads\/2025\/07\/Site-Internet.png\" class=\"attachment-full size-full wp-post-image\" alt=\"\" srcset=\"https:\/\/fondationphilippelaprise.com\/publication\/wp-content\/uploads\/2025\/07\/Site-Internet-200x132.png 200w, https:\/\/fondationphilippelaprise.com\/publication\/wp-content\/uploads\/2025\/07\/Site-Internet-400x263.png 400w, https:\/\/fondationphilippelaprise.com\/publication\/wp-content\/uploads\/2025\/07\/Site-Internet-600x395.png 600w, https:\/\/fondationphilippelaprise.com\/publication\/wp-content\/uploads\/2025\/07\/Site-Internet-800x527.png 800w, https:\/\/fondationphilippelaprise.com\/publication\/wp-content\/uploads\/2025\/07\/Site-Internet-1200x790.png 1200w, https:\/\/fondationphilippelaprise.com\/publication\/wp-content\/uploads\/2025\/07\/Site-Internet.png 1943w\" sizes=\"(min-width: 2200px) 100vw, (min-width: 784px) 373px, (min-width: 712px) 560px, (min-width: 640px) 712px, \" \/>\n\t\n\n\t\t<div class=\"fusion-rollover\">\n\t<div class=\"fusion-rollover-content\">\n\n\t\t\t\t\t\t\t\t\t\t\t\t\t\t<a class=\"fusion-rollover-link\" href=\"https:\/\/fondationphilippelaprise.com\/publication\/philippe-laprise-animera-le-focus-show-presente-par-le-groupe-castech-plessitech-2\/\">Philippe Laprise animera Le Focus Show pr\u00e9sent\u00e9 par le Groupe Castech\/Plessitech<\/a>\n\t\t\t\n\t\t\t\t\t\t\t\t\n\t\t\n\t\t\t\t\t\t\t\t\n\t\t\t\t\t\t\t\t\n\t\t\n\t\t\t\t\t\t<a class=\"fusion-link-wrapper\" href=\"https:\/\/fondationphilippelaprise.com\/publication\/philippe-laprise-animera-le-focus-show-presente-par-le-groupe-castech-plessitech-2\/\" aria-label=\"Philippe Laprise animera Le Focus Show pr\u00e9sent\u00e9 par le Groupe Castech\/Plessitech\"><\/a>\n\t<\/div>\n<\/div>\n\n\t\n<\/div>\n<\/li>\r\n\t\t\t\r\n\t\t\t\r\n\t\t\t\t\t\t\t\t\t\t\t\t\t\t\t\t\t\t\t\t\t\t\t\t\t\t\t\t\t\t\t\t\t\t\t\t\t\t\t\t\t\t\t\t\t\t\t\t\t\t\t\t\t\t\t\t\t\t\t\t\t\t\t\t\t\t\t\t<\/ul>\r\n\t<\/div>\r\n\t<div class=\"fusion-post-content-wrapper\" style=\"padding:30px 25px 25px 25px;\"><div class=\"fusion-post-content post-content\"><h2 class=\"blog-shortcode-post-title entry-title\"><a href=\"https:\/\/fondationphilippelaprise.com\/publication\/philippe-laprise-animera-le-focus-show-presente-par-le-groupe-castech-plessitech-2\/\">Philippe Laprise animera Le Focus Show pr\u00e9sent\u00e9 par le Groupe Castech\/Plessitech<\/a><\/h2><div class=\"fusion-post-content-container\"><p>Le vendredi 3 octobre 2025 \u00e0 20 h, l\u2019auditorium de [...]<\/p><\/div><\/div><\/div><div class=\"fusion-clearfix\"><\/div><\/div>\n<\/article>\n<article id=\"blog-3-post-372\" class=\"fusion-post-grid post-372 post type-post status-publish format-standard has-post-thumbnail hentry category-levees-de-fonds\">\n<div class=\"fusion-post-wrapper\" style=\"background-color:rgba(255,255,255,0);border:1px solid #f2f3f5;border-bottom-width:3px;\">\r\n\r\n\t\t\t<div class=\"fusion-flexslider flexslider fusion-flexslider-loading fusion-post-slideshow\" style=\"border-color:#f2f3f5;\">\r\n\t\t<ul class=\"slides\">\r\n\t\t\t\r\n\t\t\t\t\t\t\t\t\t\t\t\t\t\t<li>\n\n<div  class=\"fusion-image-wrapper\" aria-haspopup=\"true\">\n\t\n\t\n\t\n\t\t\n\t\t\t\t\t<img decoding=\"async\" width=\"1200\" height=\"676\" src=\"https:\/\/fondationphilippelaprise.com\/publication\/wp-content\/uploads\/2025\/05\/Site-web.png\" class=\"attachment-full size-full wp-post-image\" alt=\"\" srcset=\"https:\/\/fondationphilippelaprise.com\/publication\/wp-content\/uploads\/2025\/05\/Site-web-200x113.png 200w, https:\/\/fondationphilippelaprise.com\/publication\/wp-content\/uploads\/2025\/05\/Site-web-400x225.png 400w, https:\/\/fondationphilippelaprise.com\/publication\/wp-content\/uploads\/2025\/05\/Site-web-600x338.png 600w, https:\/\/fondationphilippelaprise.com\/publication\/wp-content\/uploads\/2025\/05\/Site-web-800x451.png 800w, https:\/\/fondationphilippelaprise.com\/publication\/wp-content\/uploads\/2025\/05\/Site-web.png 1200w\" sizes=\"(min-width: 2200px) 100vw, (min-width: 784px) 373px, (min-width: 712px) 560px, (min-width: 640px) 712px, \" \/>\n\t\n\n\t\t<div class=\"fusion-rollover\">\n\t<div class=\"fusion-rollover-content\">\n\n\t\t\t\t\t\t\t\t\t\t\t\t\t\t<a class=\"fusion-rollover-link\" href=\"https:\/\/fondationphilippelaprise.com\/publication\/le-doc-show-en-spectacle-a-quebec-au-profit-de-la-fondation-philippe-laprise\/\">Le Doc Show en spectacle \u00e0 Qu\u00e9bec au profit de la Fondation Philippe Laprise<\/a>\n\t\t\t\n\t\t\t\t\t\t\t\t\n\t\t\n\t\t\t\t\t\t\t\t\n\t\t\t\t\t\t\t\t\n\t\t\n\t\t\t\t\t\t<a class=\"fusion-link-wrapper\" href=\"https:\/\/fondationphilippelaprise.com\/publication\/le-doc-show-en-spectacle-a-quebec-au-profit-de-la-fondation-philippe-laprise\/\" aria-label=\"Le Doc Show en spectacle \u00e0 Qu\u00e9bec au profit de la Fondation Philippe Laprise\"><\/a>\n\t<\/div>\n<\/div>\n\n\t\n<\/div>\n<\/li>\r\n\t\t\t\r\n\t\t\t\r\n\t\t\t\t\t\t\t\t\t\t\t\t\t\t\t\t\t\t\t\t\t\t\t\t\t\t\t\t\t\t\t\t\t\t\t\t\t\t\t\t\t\t\t\t\t\t\t\t\t\t\t\t\t\t\t\t\t\t\t\t\t\t\t\t\t\t\t\t<\/ul>\r\n\t<\/div>\r\n\t<div class=\"fusion-post-content-wrapper\" style=\"padding:30px 25px 25px 25px;\"><div class=\"fusion-post-content post-content\"><h2 class=\"blog-shortcode-post-title entry-title\"><a href=\"https:\/\/fondationphilippelaprise.com\/publication\/le-doc-show-en-spectacle-a-quebec-au-profit-de-la-fondation-philippe-laprise\/\">Le Doc Show en spectacle \u00e0 Qu\u00e9bec au profit de la Fondation Philippe Laprise<\/a><\/h2><div class=\"fusion-post-content-container\"><p>Le Doc Show, un groupe musical compos\u00e9 de m\u00e9decins et [...]<\/p><\/div><\/div><\/div><div class=\"fusion-clearfix\"><\/div><\/div>\n<\/article>\n<article id=\"blog-3-post-356\" class=\"fusion-post-grid post-356 post type-post status-publish format-standard hentry category-levees-de-fonds\">\n<div class=\"fusion-post-wrapper\" style=\"background-color:rgba(255,255,255,0);border:1px solid #f2f3f5;border-bottom-width:3px;\">\r\n\r\n<div class=\"fusion-post-content-wrapper\" style=\"padding:30px 25px 25px 25px;\"><div class=\"fusion-post-content post-content\"><h2 class=\"blog-shortcode-post-title entry-title\"><a href=\"https:\/\/fondationphilippelaprise.com\/publication\/spectacle-dhumour-detienne-langevin\/\">Spectacle d&rsquo;humour d&rsquo;\u00c9tienne Langevin<\/a><\/h2><div class=\"fusion-post-content-container\"><p>\ud83c\udfad Des jeunes qui souhaitent faire une diff\u00e9rence Dans le [...]<\/p><\/div><\/div><\/div><div class=\"fusion-clearfix\"><\/div><\/div>\n<\/article>\n<article id=\"blog-3-post-212\" class=\"fusion-post-grid post-212 post type-post status-publish format-standard has-post-thumbnail hentry category-levees-de-fonds\">\n<div class=\"fusion-post-wrapper\" style=\"background-color:rgba(255,255,255,0);border:1px solid #f2f3f5;border-bottom-width:3px;\">\r\n\r\n\t\t\t<div class=\"fusion-flexslider flexslider fusion-flexslider-loading fusion-post-slideshow\" style=\"border-color:#f2f3f5;\">\r\n\t\t<ul class=\"slides\">\r\n\t\t\t\r\n\t\t\t\t\t\t\t\t\t\t\t\t\t\t<li>\n\n<div  class=\"fusion-image-wrapper\" aria-haspopup=\"true\">\n\t\n\t\n\t\n\t\t\n\t\t\t\t\t<img decoding=\"async\" width=\"1024\" height=\"712\" src=\"https:\/\/fondationphilippelaprise.com\/publication\/wp-content\/uploads\/2022\/12\/64478033_2418742325005452_1288576294304350208_o-1024x712-1.jpg\" class=\"attachment-full size-full wp-post-image\" alt=\"\" srcset=\"https:\/\/fondationphilippelaprise.com\/publication\/wp-content\/uploads\/2022\/12\/64478033_2418742325005452_1288576294304350208_o-1024x712-1-200x139.jpg 200w, https:\/\/fondationphilippelaprise.com\/publication\/wp-content\/uploads\/2022\/12\/64478033_2418742325005452_1288576294304350208_o-1024x712-1-400x278.jpg 400w, https:\/\/fondationphilippelaprise.com\/publication\/wp-content\/uploads\/2022\/12\/64478033_2418742325005452_1288576294304350208_o-1024x712-1-600x417.jpg 600w, https:\/\/fondationphilippelaprise.com\/publication\/wp-content\/uploads\/2022\/12\/64478033_2418742325005452_1288576294304350208_o-1024x712-1-800x556.jpg 800w, https:\/\/fondationphilippelaprise.com\/publication\/wp-content\/uploads\/2022\/12\/64478033_2418742325005452_1288576294304350208_o-1024x712-1.jpg 1024w\" sizes=\"(min-width: 2200px) 100vw, (min-width: 784px) 373px, (min-width: 712px) 560px, (min-width: 640px) 712px, \" \/>\n\t\n\n\t\t<div class=\"fusion-rollover\">\n\t<div class=\"fusion-rollover-content\">\n\n\t\t\t\t\t\t\t\t\t\t\t\t\t\t<a class=\"fusion-rollover-link\" href=\"https:\/\/fondationphilippelaprise.com\/publication\/1er-tournoi-de-golf-familial-le-14-septembre-2019-a-bromont\/\">1er tournoi de GOLF Familial le 14 SEPTEMBRE 2019 \u00e0 Bromont<\/a>\n\t\t\t\n\t\t\t\t\t\t\t\t\n\t\t\n\t\t\t\t\t\t\t\t\n\t\t\t\t\t\t\t\t\n\t\t\n\t\t\t\t\t\t<a class=\"fusion-link-wrapper\" href=\"https:\/\/fondationphilippelaprise.com\/publication\/1er-tournoi-de-golf-familial-le-14-septembre-2019-a-bromont\/\" aria-label=\"1er tournoi de GOLF Familial le 14 SEPTEMBRE 2019 \u00e0 Bromont\"><\/a>\n\t<\/div>\n<\/div>\n\n\t\n<\/div>\n<\/li>\r\n\t\t\t\r\n\t\t\t\r\n\t\t\t\t\t\t\t\t\t\t\t\t\t\t\t\t\t\t\t\t\t\t\t\t\t\t\t\t\t\t\t\t\t\t\t\t\t\t\t\t\t\t\t\t\t\t\t\t\t\t\t\t\t\t\t\t\t\t\t\t\t\t\t\t\t\t\t\t<\/ul>\r\n\t<\/div>\r\n\t<div class=\"fusion-post-content-wrapper\" style=\"padding:30px 25px 25px 25px;\"><div class=\"fusion-post-content post-content\"><h2 class=\"blog-shortcode-post-title entry-title\"><a href=\"https:\/\/fondationphilippelaprise.com\/publication\/1er-tournoi-de-golf-familial-le-14-septembre-2019-a-bromont\/\">1er tournoi de GOLF Familial le 14 SEPTEMBRE 2019 \u00e0 Bromont<\/a><\/h2><div class=\"fusion-post-content-container\"><p>Philippe vous invite \u00e0 la 1re \u00e9dition du Tournoi de [...]<\/p><\/div><\/div><\/div><div class=\"fusion-clearfix\"><\/div><\/div>\n<\/article>\n<article id=\"blog-3-post-209\" class=\"fusion-post-grid post-209 post type-post status-publish format-standard has-post-thumbnail hentry category-levees-de-fonds\">\n<div class=\"fusion-post-wrapper\" style=\"background-color:rgba(255,255,255,0);border:1px solid #f2f3f5;border-bottom-width:3px;\">\r\n\r\n\t\t\t<div class=\"fusion-flexslider flexslider fusion-flexslider-loading fusion-post-slideshow\" style=\"border-color:#f2f3f5;\">\r\n\t\t<ul class=\"slides\">\r\n\t\t\t\r\n\t\t\t\t\t\t\t\t\t\t\t\t\t\t<li>\n\n<div  class=\"fusion-image-wrapper\" aria-haspopup=\"true\">\n\t\n\t\n\t\n\t\t\n\t\t\t\t\t<img decoding=\"async\" width=\"1024\" height=\"734\" src=\"https:\/\/fondationphilippelaprise.com\/publication\/wp-content\/uploads\/2022\/12\/74575060_2524341311112219_218356815933472768_o-1024x734-1.jpg\" class=\"attachment-full size-full wp-post-image\" alt=\"\" srcset=\"https:\/\/fondationphilippelaprise.com\/publication\/wp-content\/uploads\/2022\/12\/74575060_2524341311112219_218356815933472768_o-1024x734-1-200x143.jpg 200w, https:\/\/fondationphilippelaprise.com\/publication\/wp-content\/uploads\/2022\/12\/74575060_2524341311112219_218356815933472768_o-1024x734-1-400x287.jpg 400w, https:\/\/fondationphilippelaprise.com\/publication\/wp-content\/uploads\/2022\/12\/74575060_2524341311112219_218356815933472768_o-1024x734-1-600x430.jpg 600w, https:\/\/fondationphilippelaprise.com\/publication\/wp-content\/uploads\/2022\/12\/74575060_2524341311112219_218356815933472768_o-1024x734-1-800x573.jpg 800w, https:\/\/fondationphilippelaprise.com\/publication\/wp-content\/uploads\/2022\/12\/74575060_2524341311112219_218356815933472768_o-1024x734-1.jpg 1024w\" sizes=\"(min-width: 2200px) 100vw, (min-width: 784px) 373px, (min-width: 712px) 560px, (min-width: 640px) 712px, \" \/>\n\t\n\n\t\t<div class=\"fusion-rollover\">\n\t<div class=\"fusion-rollover-content\">\n\n\t\t\t\t\t\t\t\t\t\t\t\t\t\t<a class=\"fusion-rollover-link\" href=\"https:\/\/fondationphilippelaprise.com\/publication\/evenement-completement-tdah-a-chambly\/\">\u00c9v\u00e9nement COMPL\u00c8TEMENT TDAH \u00e0 Chambly<\/a>\n\t\t\t\n\t\t\t\t\t\t\t\t\n\t\t\n\t\t\t\t\t\t\t\t\n\t\t\t\t\t\t\t\t\n\t\t\n\t\t\t\t\t\t<a class=\"fusion-link-wrapper\" href=\"https:\/\/fondationphilippelaprise.com\/publication\/evenement-completement-tdah-a-chambly\/\" aria-label=\"\u00c9v\u00e9nement COMPL\u00c8TEMENT TDAH \u00e0 Chambly\"><\/a>\n\t<\/div>\n<\/div>\n\n\t\n<\/div>\n<\/li>\r\n\t\t\t\r\n\t\t\t\r\n\t\t\t\t\t\t\t\t\t\t\t\t\t\t\t\t\t\t\t\t\t\t\t\t\t\t\t\t\t\t\t\t\t\t\t\t\t\t\t\t\t\t\t\t\t\t\t\t\t\t\t\t\t\t\t\t\t\t\t\t\t\t\t\t\t\t\t\t<\/ul>\r\n\t<\/div>\r\n\t<div class=\"fusion-post-content-wrapper\" style=\"padding:30px 25px 25px 25px;\"><div class=\"fusion-post-content post-content\"><h2 class=\"blog-shortcode-post-title entry-title\"><a href=\"https:\/\/fondationphilippelaprise.com\/publication\/evenement-completement-tdah-a-chambly\/\">\u00c9v\u00e9nement COMPL\u00c8TEMENT TDAH \u00e0 Chambly<\/a><\/h2><div class=\"fusion-post-content-container\"><p>Un \u00e9norme merci \u00e0 la docteure Louise Goulet qui nous [...]<\/p><\/div><\/div><\/div><div class=\"fusion-clearfix\"><\/div><\/div>\n<\/article>\n<div class=\"fusion-clearfix\"><\/div><\/div><div class=\"pagination clearfix\"><span class=\"current\">1<\/span><a href=\"https:\/\/fondationphilippelaprise.com\/publication\/wp-json\/wp\/v2\/pages\/215\/page\/2\/\" class=\"inactive\">2<\/a><a class=\"pagination-next\" rel=\"next\" href=\"https:\/\/fondationphilippelaprise.com\/publication\/wp-json\/wp\/v2\/pages\/215\/page\/2\/\"><span class=\"page-text\">Suivant<\/span><span class=\"page-next\"><\/span><\/a><\/div><div class=\"fusion-clearfix\"><\/div><\/div><\/div><style type=\"text\/css\">.fusion-body .fusion-builder-column-6{width:100% !important;margin-top : 0px;margin-bottom : 0px;}.fusion-builder-column-6 > .fusion-column-wrapper {padding-top : 0px !important;padding-right : 0px !important;margin-right : 1.92%;padding-bottom : 0px !important;padding-left : 0px !important;margin-left : 1.92%;}@media only screen and (max-width:1024px) {.fusion-body .fusion-builder-column-6{width:100% !important;order : 0;}.fusion-builder-column-6 > .fusion-column-wrapper {margin-right : 1.92%;margin-left : 1.92%;}}@media only screen and (max-width:640px) {.fusion-body .fusion-builder-column-6{width:100% !important;order : 0;}.fusion-builder-column-6 > .fusion-column-wrapper {margin-right : 1.92%;margin-left : 1.92%;}}<\/style><\/div><\/div><style type=\"text\/css\">.fusion-body .fusion-flex-container.fusion-builder-row-5{ padding-top : 40px;margin-top : 0px;padding-right : 0px;padding-bottom : 40px;margin-bottom : 0px;padding-left : 0px;}<\/style><\/div><\/p>\n","protected":false},"excerpt":{"rendered":"","protected":false},"author":1,"featured_media":0,"parent":0,"menu_order":0,"comment_status":"closed","ping_status":"closed","template":"100-width.php","meta":{"footnotes":""},"class_list":["post-215","page","type-page","status-publish","hentry"],"_links":{"self":[{"href":"https:\/\/fondationphilippelaprise.com\/publication\/wp-json\/wp\/v2\/pages\/215","targetHints":{"allow":["GET"]}}],"collection":[{"href":"https:\/\/fondationphilippelaprise.com\/publication\/wp-json\/wp\/v2\/pages"}],"about":[{"href":"https:\/\/fondationphilippelaprise.com\/publication\/wp-json\/wp\/v2\/types\/page"}],"author":[{"embeddable":true,"href":"https:\/\/fondationphilippelaprise.com\/publication\/wp-json\/wp\/v2\/users\/1"}],"replies":[{"embeddable":true,"href":"https:\/\/fondationphilippelaprise.com\/publication\/wp-json\/wp\/v2\/comments?post=215"}],"version-history":[{"count":3,"href":"https:\/\/fondationphilippelaprise.com\/publication\/wp-json\/wp\/v2\/pages\/215\/revisions"}],"predecessor-version":[{"id":233,"href":"https:\/\/fondationphilippelaprise.com\/publication\/wp-json\/wp\/v2\/pages\/215\/revisions\/233"}],"wp:attachment":[{"href":"https:\/\/fondationphilippelaprise.com\/publication\/wp-json\/wp\/v2\/media?parent=215"}],"curies":[{"name":"wp","href":"https:\/\/api.w.org\/{rel}","templated":true}]}}